{"id":78,"date":"2019-01-31T14:47:50","date_gmt":"2019-01-31T12:47:50","guid":{"rendered":"http:\/\/salo-uskelanseura.fi\/?page_id=78"},"modified":"2026-02-26T20:09:01","modified_gmt":"2026-02-26T18:09:01","slug":"myytavat-tuotteet","status":"publish","type":"page","link":"https:\/\/salo-uskelanseura.fi\/index.php\/myytavat-tuotteet\/","title":{"rendered":"Myyt\u00e4v\u00e4t tuotteet"},"content":{"rendered":"\n<ul class=\"wp-block-list\">\n<li><a href=\"https:\/\/salo-uskelanseura.fi\/index.php\/hakastarolainen-2019\/\" data-type=\"page\" data-id=\"52\">Hakastarolainen<\/a><\/li>\n<\/ul>\n\n\n\n<p>Tuotteita myyd\u00e4\u00e4n Nakolinnassa (avoinna sopimuksesta ja erityisp\u00e4ivin\u00e4) ja erilaisissa tapahtumissa. <br>Tiedustelut salouskelanseura [at] gmail.com<\/p>\n\n\n\n<div class=\"wp-block-media-text is-stacked-on-mobile\" style=\"grid-template-columns:30% auto\"><figure class=\"wp-block-media-text__media\"><img loading=\"lazy\" decoding=\"async\" width=\"1024\" height=\"969\" src=\"https:\/\/salo-uskelanseura.fi\/wp-content\/uploads\/2025\/07\/korvikset_ekopaperi_9524_pieni-1024x969.jpg\" alt=\"\" class=\"wp-image-1094 size-full\" srcset=\"https:\/\/salo-uskelanseura.fi\/wp-content\/uploads\/2025\/07\/korvikset_ekopaperi_9524_pieni-1024x969.jpg 1024w, https:\/\/salo-uskelanseura.fi\/wp-content\/uploads\/2025\/07\/korvikset_ekopaperi_9524_pieni-300x284.jpg 300w, https:\/\/salo-uskelanseura.fi\/wp-content\/uploads\/2025\/07\/korvikset_ekopaperi_9524_pieni-768x726.jpg 768w, https:\/\/salo-uskelanseura.fi\/wp-content\/uploads\/2025\/07\/korvikset_ekopaperi_9524_pieni-1536x1453.jpg 1536w, https:\/\/salo-uskelanseura.fi\/wp-content\/uploads\/2025\/07\/korvikset_ekopaperi_9524_pieni-2048x1937.jpg 2048w, https:\/\/salo-uskelanseura.fi\/wp-content\/uploads\/2025\/07\/korvikset_ekopaperi_9524_pieni-1200x1135.jpg 1200w, https:\/\/salo-uskelanseura.fi\/wp-content\/uploads\/2025\/07\/korvikset_ekopaperi_9524_pieni-1980x1873.jpg 1980w\" sizes=\"auto, (max-width: 1024px) 100vw, 1024px\" \/><\/figure><div class=\"wp-block-media-text__content\">\n<p>Uskelan aukkoristi -korvakorut 50 \u20ac \/ pari.<\/p>\n\n\n\n<p>Uskelan aukkoristi -korvakorujen koko on noin 25 x 21 mm ja niiden materiaali on pronssia kullatuin hopeakoukuin. Ne on pakattu korurasiaan ja niiden mukana tulee korusta kertova tietolappu.<\/p>\n<\/div><\/div>\n\n\n\n<div class=\"wp-block-media-text is-stacked-on-mobile\" style=\"grid-template-columns:30% auto\"><figure class=\"wp-block-media-text__media\"><img loading=\"lazy\" decoding=\"async\" width=\"689\" height=\"737\" src=\"https:\/\/salo-uskelanseura.fi\/wp-content\/uploads\/2024\/12\/Screenshot_20241124_075625_Drive.jpg\" alt=\"\" class=\"wp-image-980 size-full\" srcset=\"https:\/\/salo-uskelanseura.fi\/wp-content\/uploads\/2024\/12\/Screenshot_20241124_075625_Drive.jpg 689w, https:\/\/salo-uskelanseura.fi\/wp-content\/uploads\/2024\/12\/Screenshot_20241124_075625_Drive-280x300.jpg 280w\" sizes=\"auto, (max-width: 689px) 100vw, 689px\" \/><\/figure><div class=\"wp-block-media-text__content\">\n<p>Uskelan aukkoristi -kaulakoru 45 \u20ac<\/p>\n\n\n\n<p>Koru on teetetty Salo-Uskelan Seuran 70-vuotisjuhlavuoden kunniaksi. Riipuksen on toimeksiannosta alkuper\u00e4isen pohjalta suunnitellut ja k\u00e4sity\u00f6n\u00e4 valmistanut naantalilainen Korupaja Vaskik\u00e4\u00e4rme.<\/p>\n\n\n\n<p>T\u00e4m\u00e4n pronssisen korun esikuvana on Salon Uskelan Lopen kyl\u00e4st\u00e4 rautakautiselta asuinpaikalta vuonna 2022 l\u00f6ytynyt viikinkiaikainen, 900-luvulle tai 1000-luvun alkuun ajoittuva puhkonainen levyriipus, aukkoristi.<\/p>\n\n\n\n<p>Korutyyppi on saanut nimens\u00e4 sen keskell\u00e4 olevasta aukosta, jossa esineen ristim\u00e4inen muoto toistuu. Korun sakaroissa on lis\u00e4ksi yhteens\u00e4 kahdeksan h\u00e4r\u00e4nsilm\u00e4koristetta.<\/p>\n\n\n\n<p>Korussa on musta ny\u00f6ri. Riipus on pakattu korurasiaan ja sen mukana tulee korusta kertova tietolappu.<\/p>\n\n\n\n<p><\/p>\n<\/div><\/div>\n\n\n\n<div class=\"wp-block-media-text is-stacked-on-mobile\" style=\"grid-template-columns:31% auto\"><figure class=\"wp-block-media-text__media\"><img loading=\"lazy\" decoding=\"async\" width=\"510\" height=\"1024\" src=\"https:\/\/salo-uskelanseura.fi\/wp-content\/uploads\/2025\/11\/1000054227-3-510x1024.jpg\" alt=\"\" class=\"wp-image-1149 size-full\" srcset=\"https:\/\/salo-uskelanseura.fi\/wp-content\/uploads\/2025\/11\/1000054227-3-510x1024.jpg 510w, https:\/\/salo-uskelanseura.fi\/wp-content\/uploads\/2025\/11\/1000054227-3-149x300.jpg 149w, https:\/\/salo-uskelanseura.fi\/wp-content\/uploads\/2025\/11\/1000054227-3-768x1543.jpg 768w, https:\/\/salo-uskelanseura.fi\/wp-content\/uploads\/2025\/11\/1000054227-3-764x1536.jpg 764w, https:\/\/salo-uskelanseura.fi\/wp-content\/uploads\/2025\/11\/1000054227-3-1019x2048.jpg 1019w, https:\/\/salo-uskelanseura.fi\/wp-content\/uploads\/2025\/11\/1000054227-3-1200x2412.jpg 1200w, https:\/\/salo-uskelanseura.fi\/wp-content\/uploads\/2025\/11\/1000054227-3-scaled.jpg 1274w\" sizes=\"auto, (max-width: 510px) 100vw, 510px\" \/><\/figure><div class=\"wp-block-media-text__content\">\n<p><strong>Uusi tuote!<\/strong><\/p>\n\n\n\n<p>Postikortit, 3 aihetta, 1 \u20ac kpl<\/p>\n\n\n\n<p>Talvimaisema Salon sillan luota, 1909.<\/p>\n\n\n\n<p>Linja-auto Salonjoen sillalla, 1940-luku.<\/p>\n\n\n\n<p>Ilmakuva Salon keskustasta vuodelta 1937.<\/p>\n<\/div><\/div>\n\n\n\n<div class=\"wp-block-media-text is-stacked-on-mobile\" style=\"grid-template-columns:30% auto\"><figure class=\"wp-block-media-text__media\"><img loading=\"lazy\" decoding=\"async\" width=\"683\" height=\"1024\" src=\"https:\/\/salo-uskelanseura.fi\/wp-content\/uploads\/2024\/11\/20241123_121647-683x1024.jpg\" alt=\"\" class=\"wp-image-962 size-full\" srcset=\"https:\/\/salo-uskelanseura.fi\/wp-content\/uploads\/2024\/11\/20241123_121647-683x1024.jpg 683w, https:\/\/salo-uskelanseura.fi\/wp-content\/uploads\/2024\/11\/20241123_121647-200x300.jpg 200w, https:\/\/salo-uskelanseura.fi\/wp-content\/uploads\/2024\/11\/20241123_121647-768x1152.jpg 768w, https:\/\/salo-uskelanseura.fi\/wp-content\/uploads\/2024\/11\/20241123_121647-1024x1536.jpg 1024w, https:\/\/salo-uskelanseura.fi\/wp-content\/uploads\/2024\/11\/20241123_121647-1365x2048.jpg 1365w, https:\/\/salo-uskelanseura.fi\/wp-content\/uploads\/2024\/11\/20241123_121647-1200x1800.jpg 1200w, https:\/\/salo-uskelanseura.fi\/wp-content\/uploads\/2024\/11\/20241123_121647-1980x2970.jpg 1980w, https:\/\/salo-uskelanseura.fi\/wp-content\/uploads\/2024\/11\/20241123_121647-scaled.jpg 1707w\" sizes=\"auto, (max-width: 683px) 100vw, 683px\" \/><\/figure><div class=\"wp-block-media-text__content\">\n<p>Magneetit 8 \u20ac<\/p>\n\n\n\n<figure class=\"wp-block-image size-large is-resized\"><img loading=\"lazy\" decoding=\"async\" width=\"1024\" height=\"521\" src=\"https:\/\/salo-uskelanseura.fi\/wp-content\/uploads\/2025\/11\/1000054229-1024x521.jpg\" alt=\"\" class=\"wp-image-1138\" style=\"width:331px;height:auto\" srcset=\"https:\/\/salo-uskelanseura.fi\/wp-content\/uploads\/2025\/11\/1000054229-1024x521.jpg 1024w, https:\/\/salo-uskelanseura.fi\/wp-content\/uploads\/2025\/11\/1000054229-300x153.jpg 300w, https:\/\/salo-uskelanseura.fi\/wp-content\/uploads\/2025\/11\/1000054229-768x391.jpg 768w, https:\/\/salo-uskelanseura.fi\/wp-content\/uploads\/2025\/11\/1000054229-1536x781.jpg 1536w, https:\/\/salo-uskelanseura.fi\/wp-content\/uploads\/2025\/11\/1000054229-1200x610.jpg 1200w, https:\/\/salo-uskelanseura.fi\/wp-content\/uploads\/2025\/11\/1000054229.jpg 1976w\" sizes=\"auto, (max-width: 1024px) 100vw, 1024px\" \/><\/figure>\n<\/div><\/div>\n\n\n\n<div class=\"wp-block-media-text is-stacked-on-mobile\" style=\"grid-template-columns:30% auto\"><figure class=\"wp-block-media-text__media\"><img loading=\"lazy\" decoding=\"async\" width=\"1669\" height=\"2560\" src=\"https:\/\/salo-uskelanseura.fi\/wp-content\/uploads\/2024\/11\/20241123_121239-scaled.jpg\" alt=\"\" class=\"wp-image-961 size-full\" srcset=\"https:\/\/salo-uskelanseura.fi\/wp-content\/uploads\/2024\/11\/20241123_121239-scaled.jpg 1669w, https:\/\/salo-uskelanseura.fi\/wp-content\/uploads\/2024\/11\/20241123_121239-196x300.jpg 196w, https:\/\/salo-uskelanseura.fi\/wp-content\/uploads\/2024\/11\/20241123_121239-668x1024.jpg 668w, https:\/\/salo-uskelanseura.fi\/wp-content\/uploads\/2024\/11\/20241123_121239-768x1178.jpg 768w, https:\/\/salo-uskelanseura.fi\/wp-content\/uploads\/2024\/11\/20241123_121239-1001x1536.jpg 1001w, https:\/\/salo-uskelanseura.fi\/wp-content\/uploads\/2024\/11\/20241123_121239-1335x2048.jpg 1335w, https:\/\/salo-uskelanseura.fi\/wp-content\/uploads\/2024\/11\/20241123_121239-1200x1841.jpg 1200w, https:\/\/salo-uskelanseura.fi\/wp-content\/uploads\/2024\/11\/20241123_121239-1980x3037.jpg 1980w\" sizes=\"auto, (max-width: 1669px) 100vw, 1669px\" \/><\/figure><div class=\"wp-block-media-text__content\">\n<p>T-paita 20 \u20ac<\/p>\n<\/div><\/div>\n\n\n\n<div class=\"wp-block-media-text is-stacked-on-mobile\" style=\"grid-template-columns:30% auto\"><figure class=\"wp-block-media-text__media\"><img loading=\"lazy\" decoding=\"async\" width=\"478\" height=\"339\" src=\"https:\/\/salo-uskelanseura.fi\/wp-content\/uploads\/2025\/07\/SUS-kalenteri2026.png\" alt=\"\" class=\"wp-image-1091 size-full\" srcset=\"https:\/\/salo-uskelanseura.fi\/wp-content\/uploads\/2025\/07\/SUS-kalenteri2026.png 478w, https:\/\/salo-uskelanseura.fi\/wp-content\/uploads\/2025\/07\/SUS-kalenteri2026-300x213.png 300w\" sizes=\"auto, (max-width: 478px) 100vw, 478px\" \/><\/figure><div class=\"wp-block-media-text__content\">\n<p>Huom. <strong>painos loppu<\/strong>. <\/p>\n\n\n\n<p>Vuoden 2026 kotiseutukalenteri on myynniss\u00e4 Salo-Uskelan Seuran tapahtumissa hintaan 12 \u20ac.<\/p>\n<\/div><\/div>\n\n\n\n<div class=\"wp-block-media-text is-stacked-on-mobile\" style=\"grid-template-columns:30% auto\"><figure class=\"wp-block-media-text__media\"><img loading=\"lazy\" decoding=\"async\" width=\"640\" height=\"853\" src=\"https:\/\/salo-uskelanseura.fi\/wp-content\/uploads\/2023\/10\/PA060008_MusterKaruliina_pieni-rotated.jpg\" alt=\"\" class=\"wp-image-869 size-full\" srcset=\"https:\/\/salo-uskelanseura.fi\/wp-content\/uploads\/2023\/10\/PA060008_MusterKaruliina_pieni-rotated.jpg 640w, https:\/\/salo-uskelanseura.fi\/wp-content\/uploads\/2023\/10\/PA060008_MusterKaruliina_pieni-225x300.jpg 225w\" sizes=\"auto, (max-width: 640px) 100vw, 640px\" \/><\/figure><div class=\"wp-block-media-text__content\">\n<p>Hurmaava Muster Karuliina -nukke, 15 \u20ac.<br>Nuken esikuvana Salon ensimm\u00e4isen\u00e4 suomenkielisen\u00e4 opettajana 1845\u20131865 toiminut Karoliina Brita Lindstr\u00f6m.<br>Nuken korkeus on noin 20 cm.<br><\/p>\n<\/div><\/div>\n\n\n\n<div class=\"wp-block-media-text alignwide is-stacked-on-mobile\" style=\"grid-template-columns:30% auto\"><figure class=\"wp-block-media-text__media\"><img loading=\"lazy\" decoding=\"async\" width=\"1024\" height=\"553\" src=\"https:\/\/salo-uskelanseura.fi\/wp-content\/uploads\/2022\/03\/20220307_181154-1-1024x553.jpg\" alt=\"\" class=\"wp-image-707 size-full\" srcset=\"https:\/\/salo-uskelanseura.fi\/wp-content\/uploads\/2022\/03\/20220307_181154-1-1024x553.jpg 1024w, https:\/\/salo-uskelanseura.fi\/wp-content\/uploads\/2022\/03\/20220307_181154-1-300x162.jpg 300w, https:\/\/salo-uskelanseura.fi\/wp-content\/uploads\/2022\/03\/20220307_181154-1-768x415.jpg 768w, https:\/\/salo-uskelanseura.fi\/wp-content\/uploads\/2022\/03\/20220307_181154-1-1536x830.jpg 1536w, https:\/\/salo-uskelanseura.fi\/wp-content\/uploads\/2022\/03\/20220307_181154-1-2048x1107.jpg 2048w\" sizes=\"auto, (max-width: 1024px) 100vw, 1024px\" \/><\/figure><div class=\"wp-block-media-text__content\">\n<p class=\"has-normal-font-size\">Suruadressi, 15 \u20ac. <br>Myynniss\u00e4 my\u00f6s hautaustoimisto <a rel=\"noreferrer noopener\" href=\"https:\/\/www.saustila.fi\/\" data-type=\"URL\" data-id=\"https:\/\/www.saustila.fi\/\" target=\"_blank\">Saustila<\/a>lla, osoite Helsingintie 9.  <br>Adressin kuva: Lasse Kara.<\/p>\n<\/div><\/div>\n\n\n\n<div class=\"wp-block-media-text is-stacked-on-mobile\" style=\"grid-template-columns:30% auto\"><figure class=\"wp-block-media-text__media\"><img loading=\"lazy\" decoding=\"async\" width=\"494\" height=\"689\" src=\"https:\/\/salo-uskelanseura.fi\/wp-content\/uploads\/2025\/07\/Juhla-Hakastarolainen.png\" alt=\"\" class=\"wp-image-1090 size-full\" srcset=\"https:\/\/salo-uskelanseura.fi\/wp-content\/uploads\/2025\/07\/Juhla-Hakastarolainen.png 494w, https:\/\/salo-uskelanseura.fi\/wp-content\/uploads\/2025\/07\/Juhla-Hakastarolainen-215x300.png 215w\" sizes=\"auto, (max-width: 494px) 100vw, 494px\" \/><\/figure><div class=\"wp-block-media-text__content\">\n<p>70-vuotista seuraa juhlistava 100-sivuinen Juhla-Hakastarolainen 54\/2025 on myynniss\u00e4 hintaan 15 \u20ac.<\/p>\n<\/div><\/div>\n\n\n\n<div class=\"wp-block-media-text alignwide is-stacked-on-mobile\" style=\"grid-template-columns:30% auto\"><figure class=\"wp-block-media-text__media\"><img loading=\"lazy\" decoding=\"async\" width=\"718\" height=\"1024\" src=\"https:\/\/salo-uskelanseura.fi\/wp-content\/uploads\/2024\/11\/Screenshot_20241124_075625_Drive-718x1024.jpg\" alt=\"\" class=\"wp-image-967 size-full\" srcset=\"https:\/\/salo-uskelanseura.fi\/wp-content\/uploads\/2024\/11\/Screenshot_20241124_075625_Drive-718x1024.jpg 718w, https:\/\/salo-uskelanseura.fi\/wp-content\/uploads\/2024\/11\/Screenshot_20241124_075625_Drive-210x300.jpg 210w, https:\/\/salo-uskelanseura.fi\/wp-content\/uploads\/2024\/11\/Screenshot_20241124_075625_Drive-768x1095.jpg 768w, https:\/\/salo-uskelanseura.fi\/wp-content\/uploads\/2024\/11\/Screenshot_20241124_075625_Drive.jpg 985w\" sizes=\"auto, (max-width: 718px) 100vw, 718px\" \/><\/figure><div class=\"wp-block-media-text__content\">\n<p>Vuoden 2025 Hakastarolaista on myynniss\u00e4 <a href=\"https:\/\/salontaidemuseo.fi\/\" target=\"_blank\" rel=\"noreferrer noopener\">Salon taidemuseo Veturitallissa<\/a> sek\u00e4 Salon Suomalaisessa kirjakaupassa. Hinta 10 \u20ac.<br>Yhdistyksell\u00e4 on myynniss\u00e4 my\u00f6s vanhempia Hakastarolaisia hintaan<br>2\u20135 \u20ac.<\/p>\n<\/div><\/div>\n\n\n\n<div class=\"wp-block-media-text alignwide is-stacked-on-mobile\" style=\"grid-template-columns:30% auto\"><figure class=\"wp-block-media-text__media\"><img loading=\"lazy\" decoding=\"async\" width=\"360\" height=\"260\" src=\"https:\/\/salo-uskelanseura.fi\/wp-content\/uploads\/2019\/01\/Viiriliehuu.jpg\" alt=\"\" class=\"wp-image-84 size-full\" srcset=\"https:\/\/salo-uskelanseura.fi\/wp-content\/uploads\/2019\/01\/Viiriliehuu.jpg 360w, https:\/\/salo-uskelanseura.fi\/wp-content\/uploads\/2019\/01\/Viiriliehuu-300x217.jpg 300w\" sizes=\"auto, (max-width: 360px) 100vw, 360px\" \/><\/figure><div class=\"wp-block-media-text__content\">\n<p class=\"has-normal-font-size\">Salon is\u00e4nn\u00e4nviiri, viirin hintaan sis\u00e4ltyy heraldinen selitys, 90 \u20ac.<\/p>\n<\/div><\/div>\n\n\n\n<div class=\"wp-block-media-text alignwide is-stacked-on-mobile\" style=\"grid-template-columns:30% auto\"><figure class=\"wp-block-media-text__media\"><img loading=\"lazy\" decoding=\"async\" width=\"200\" height=\"283\" src=\"https:\/\/salo-uskelanseura.fi\/wp-content\/uploads\/2019\/01\/murrekirja.jpg\" alt=\"\" class=\"wp-image-82 size-full\"\/><\/figure><div class=\"wp-block-media-text__content\">\n<p class=\"has-normal-font-size\">Pentti Kataja, Uskelan murteen sanakirja, 12 \u20ac, myyt\u00e4v\u00e4n\u00e4 Salon Suomalaisessa kirjakaupassa sek\u00e4 Taidemuseo Veturitallissa.<br><\/p>\n<\/div><\/div>\n\n\n\n<p>Lis\u00e4ksi Nakolinnassa ja tapahtumissamme on myynniss\u00e4 muita julkaisuja, kotiseutukalentereita, postikortteja, matkamuistonukkea, pinssej\u00e4  ym.<\/p>\n\n\n\n<p>Myymme my\u00f6s kuva-arkistomme kuvien k\u00e4ytt\u00f6oikeuksia seuraavin hinnoin ja kuvank\u00e4ytt\u00f6ehdoin: <\/p>\n\n\n\n<p>Kuvapalveluhintamme on 10 \u20ac \/ kuva.<br>Summa maksetaan Salo-Uskelan Seura ry:n tilille OP Lounaismaa Salo FI80 5410 0240 0274 10<br>Kuvan k\u00e4ytt\u00f6\u00e4 koskevat seuraavat ehdot:<br>&#8211; Kuvien k\u00e4ytt\u00f6 on sallittu ainoastaan kertaluontoiseen tarkoitukseen<br>&#8211; Esimerkiksi julkaisussa tai n\u00e4yttelyss\u00e4  kuvan yhteydess\u00e4 on mainittava kuval\u00e4hteen\u00e4 Salo-Uskelan Seura ry<br>&#8211; Kuvan jatkok\u00e4yt\u00f6st\u00e4 on sovittava erikseen.<br>&#8211; Kuvank\u00e4ytt\u00f6luvan esimerkiksi julkaisua varten saanut luovuttaa Salo-Uskelan Seura ry:lle 1 kappaleen ko. painotuotetta tai&nbsp; vastaavaa digitaalista tuotetta vapaakappaleena<\/p>\n\n\n\n<p>Opiskelijoilta ei perit\u00e4 kuvamaksua opinn\u00e4ytety\u00f6ss\u00e4 k\u00e4ytett\u00e4v\u00e4st\u00e4 kuvasta. Kuval\u00e4hde on mainittava opinn\u00e4ytety\u00f6ss\u00e4 ja seuralle tulee toimittaa yksi kappale valmista ty\u00f6t\u00e4.<\/p>\n\n\n\n<p><\/p>\n","protected":false},"excerpt":{"rendered":"<p>Tuotteita myyd\u00e4\u00e4n Nakolinnassa (avoinna sopimuksesta ja erityisp\u00e4ivin\u00e4) ja erilaisissa tapahtumissa. Tiedustelut salouskelanseura [at] gmail.com Uskelan aukkoristi -korvakorut 50 \u20ac \/ pari. Uskelan aukkoristi -korvakorujen koko on noin 25 x 21 mm ja niiden materiaali on pronssia kullatuin hopeakoukuin. Ne on pakattu korurasiaan ja niiden mukana tulee korusta kertova tietolappu. Uskelan aukkoristi -kaulakoru 45 \u20ac Koru [&hellip;]<\/p>\n","protected":false},"author":1,"featured_media":0,"parent":0,"menu_order":0,"comment_status":"closed","ping_status":"closed","template":"templates\/template-full-width.php","meta":{"footnotes":""},"class_list":["post-78","page","type-page","status-publish","hentry"],"_links":{"self":[{"href":"https:\/\/salo-uskelanseura.fi\/index.php\/wp-json\/wp\/v2\/pages\/78","targetHints":{"allow":["GET"]}}],"collection":[{"href":"https:\/\/salo-uskelanseura.fi\/index.php\/wp-json\/wp\/v2\/pages"}],"about":[{"href":"https:\/\/salo-uskelanseura.fi\/index.php\/wp-json\/wp\/v2\/types\/page"}],"author":[{"embeddable":true,"href":"https:\/\/salo-uskelanseura.fi\/index.php\/wp-json\/wp\/v2\/users\/1"}],"replies":[{"embeddable":true,"href":"https:\/\/salo-uskelanseura.fi\/index.php\/wp-json\/wp\/v2\/comments?post=78"}],"version-history":[{"count":78,"href":"https:\/\/salo-uskelanseura.fi\/index.php\/wp-json\/wp\/v2\/pages\/78\/revisions"}],"predecessor-version":[{"id":1228,"href":"https:\/\/salo-uskelanseura.fi\/index.php\/wp-json\/wp\/v2\/pages\/78\/revisions\/1228"}],"wp:attachment":[{"href":"https:\/\/salo-uskelanseura.fi\/index.php\/wp-json\/wp\/v2\/media?parent=78"}],"curies":[{"name":"wp","href":"https:\/\/api.w.org\/{rel}","templated":true}]}}