{"id":328,"date":"2019-11-19T09:15:36","date_gmt":"2019-11-19T07:15:36","guid":{"rendered":"https:\/\/salo-uskelanseura.fi\/?page_id=328"},"modified":"2019-11-19T10:36:48","modified_gmt":"2019-11-19T08:36:48","slug":"2-8","status":"publish","type":"page","link":"https:\/\/salo-uskelanseura.fi\/index.php\/2-8\/","title":{"rendered":"ti 2.8."},"content":{"rendered":"\n<p>Seitsem\u00e4s kaivausp\u00e4iv\u00e4 tiistai 2.8.<\/p>\n\n\n\n<figure class=\"wp-block-image size-large\"><img loading=\"lazy\" decoding=\"async\" width=\"700\" height=\"465\" src=\"https:\/\/salo-uskelanseura.fi\/wp-content\/uploads\/2019\/11\/02-lapiointia.jpg\" alt=\"\" class=\"wp-image-329\" srcset=\"https:\/\/salo-uskelanseura.fi\/wp-content\/uploads\/2019\/11\/02-lapiointia.jpg 700w, https:\/\/salo-uskelanseura.fi\/wp-content\/uploads\/2019\/11\/02-lapiointia-300x199.jpg 300w\" sizes=\"auto, (max-width: 700px) 100vw, 700px\" \/><figcaption>Kaivausjohtaja Pukkila kaivaa v\u00e4h\u00e4n isommalla lapiolla.<\/figcaption><\/figure>\n\n\n\n<figure class=\"wp-block-image size-large\"><img loading=\"lazy\" decoding=\"async\" width=\"700\" height=\"525\" src=\"https:\/\/salo-uskelanseura.fi\/wp-content\/uploads\/2019\/11\/02-uuskeramiikka.jpg\" alt=\"\" class=\"wp-image-330\" srcset=\"https:\/\/salo-uskelanseura.fi\/wp-content\/uploads\/2019\/11\/02-uuskeramiikka.jpg 700w, https:\/\/salo-uskelanseura.fi\/wp-content\/uploads\/2019\/11\/02-uuskeramiikka-300x225.jpg 300w\" sizes=\"auto, (max-width: 700px) 100vw, 700px\" \/><figcaption>Nuoremmalta asuinpaikalta l\u00f6ytyi t\u00e4n\u00e4\u00e4n komeasti koristeltu keramiikkapala.<\/figcaption><\/figure>\n\n\n\n<figure class=\"wp-block-image size-large\"><img loading=\"lazy\" decoding=\"async\" width=\"700\" height=\"525\" src=\"https:\/\/salo-uskelanseura.fi\/wp-content\/uploads\/2019\/11\/02-uuskeramiikkataka.jpg\" alt=\"\" class=\"wp-image-331\" srcset=\"https:\/\/salo-uskelanseura.fi\/wp-content\/uploads\/2019\/11\/02-uuskeramiikkataka.jpg 700w, https:\/\/salo-uskelanseura.fi\/wp-content\/uploads\/2019\/11\/02-uuskeramiikkataka-300x225.jpg 300w\" sizes=\"auto, (max-width: 700px) 100vw, 700px\" \/><figcaption>K\u00e4\u00e4nt\u00f6puoli on v\u00e4hemm\u00e4n huomiota her\u00e4tt\u00e4v\u00e4.<\/figcaption><\/figure>\n\n\n\n<figure class=\"wp-block-image size-large\"><img loading=\"lazy\" decoding=\"async\" width=\"451\" height=\"600\" src=\"https:\/\/salo-uskelanseura.fi\/wp-content\/uploads\/2019\/11\/02-takymittaus.jpg\" alt=\"\" class=\"wp-image-332\" srcset=\"https:\/\/salo-uskelanseura.fi\/wp-content\/uploads\/2019\/11\/02-takymittaus.jpg 451w, https:\/\/salo-uskelanseura.fi\/wp-content\/uploads\/2019\/11\/02-takymittaus-226x300.jpg 226w\" sizes=\"auto, (max-width: 451px) 100vw, 451px\" \/><figcaption>Arkeologiopiskelija Mikko Helminen mittaa takymetrin kanssa apunaan Henna Saarinen. Peruskartoituksen tekeminen on kuulemmat liusunut h\u00e4nen teht\u00e4v\u00e4kseen n\u00e4ill\u00e4 kaivauksilla. Sit\u00e4 samaa on t\u00e4n\u00e4 kes\u00e4n\u00e4 tullut tehty\u00e4 Seiliss\u00e4 ja Kruunupyyss\u00e4. Perusjuttujen oppimiseen menee noin puoli tuntia, joten kaverina hommassa voi hyvin olla vapaaehtoiskaivaja, ja arkeologit saavat keskitty\u00e4 muuhun. P\u00e4iv\u00e4ss\u00e4 dokumentoidaan tietokantaan noin kaksisataa pistett\u00e4: maaston merkkej\u00e4, maalajien rajoja ja l\u00f6ydettyj\u00e4 esineit\u00e4. Esim. miekan molemmista p\u00e4ist\u00e4 otetaan koordinaatit, sill\u00e4 silloin sijainti on ollut todenn\u00e4k\u00f6isesti tarkoituksenmukainen. Toisaalta kvartsi-iskoksia ei merkit\u00e4, sill\u00e4 ne ovat aikoinaan olleet j\u00e4tett\u00e4 ja sinkoilleet minne sattuu. J\u00e4lkity\u00f6 tehd\u00e4\u00e4n tiimity\u00f6n\u00e4 ja Mikko tulee vastaamaan kartoista. Jouko Pukkila kirjoittaa yleistekstin. Kestoksi j\u00e4lkity\u00f6st\u00f6lle arvioidaan t\u00e4ll\u00e4 hetkell\u00e4 noin kolmea viikkoa.<\/figcaption><\/figure>\n\n\n\n<figure class=\"wp-block-image size-large\"><img loading=\"lazy\" decoding=\"async\" width=\"399\" height=\"600\" src=\"https:\/\/salo-uskelanseura.fi\/wp-content\/uploads\/2019\/11\/02-filmikuvaus.jpg\" alt=\"\" class=\"wp-image-333\" srcset=\"https:\/\/salo-uskelanseura.fi\/wp-content\/uploads\/2019\/11\/02-filmikuvaus.jpg 399w, https:\/\/salo-uskelanseura.fi\/wp-content\/uploads\/2019\/11\/02-filmikuvaus-200x300.jpg 200w\" sizes=\"auto, (max-width: 399px) 100vw, 399px\" \/><figcaption>Ensimm\u00e4inen kaivanto on saatu kaivettua loppuun ja arkeologiopiskelija Miia Listenmaa kuvaa pohjan filmille viel\u00e4 ennen t\u00e4ytt\u00f6\u00e4. Se kaivettiin kolmenkymmenen sentin syvyyteen. Pohja tarkistettiin pistokokein lapiolla, niin ett\u00e4 se oli varmasti tyhj\u00e4. <\/figcaption><\/figure>\n\n\n\n<figure class=\"wp-block-image size-large\"><img loading=\"lazy\" decoding=\"async\" width=\"399\" height=\"600\" src=\"https:\/\/salo-uskelanseura.fi\/wp-content\/uploads\/2019\/11\/02-taytto.jpg\" alt=\"\" class=\"wp-image-334\" srcset=\"https:\/\/salo-uskelanseura.fi\/wp-content\/uploads\/2019\/11\/02-taytto.jpg 399w, https:\/\/salo-uskelanseura.fi\/wp-content\/uploads\/2019\/11\/02-taytto-200x300.jpg 200w\" sizes=\"auto, (max-width: 399px) 100vw, 399px\" \/><figcaption>Sitten hiekka lapioidaan takaisin ja sammalet pannaan p\u00e4\u00e4lle.<\/figcaption><\/figure>\n\n\n\n<figure class=\"wp-block-image size-large\"><img loading=\"lazy\" decoding=\"async\" width=\"700\" height=\"465\" src=\"https:\/\/salo-uskelanseura.fi\/wp-content\/uploads\/2019\/11\/02-liisakaivaa.jpg\" alt=\"\" class=\"wp-image-335\" srcset=\"https:\/\/salo-uskelanseura.fi\/wp-content\/uploads\/2019\/11\/02-liisakaivaa.jpg 700w, https:\/\/salo-uskelanseura.fi\/wp-content\/uploads\/2019\/11\/02-liisakaivaa-300x199.jpg 300w\" sizes=\"auto, (max-width: 700px) 100vw, 700px\" \/><figcaption>Sirki\u00e4n Liisa (vasemmalla) kaivaa innoissaan ja toteaa, ett\u00e4 kyll\u00e4 t\u00e4m\u00e4 kotiolot voittaa. Naapurin keramiikkal\u00f6yt\u00f6 oli h\u00e4nen mielest\u00e4\u00e4n hieno ja toi inspiraatiota h\u00e4nellekin. Liisa on osallistunut kansalaisopiston kurssille kaksi ja puoli vuotta, mutta kertoo ett\u00e4 kaivaukset opettavat konkreettista ty\u00f6t\u00e4 ja antavat paljon, tosin luennotkin olivat hyvi\u00e4. Paperimukin alla on suojassa hieman isompi pala keramiikkaa. Sit\u00e4 ei tietenk\u00e4\u00e4n revit\u00e4 paikaltaan, vaan se paljastuu kaivamisen edetess\u00e4.<\/figcaption><\/figure>\n\n\n\n<figure class=\"wp-block-image size-large\"><img loading=\"lazy\" decoding=\"async\" width=\"438\" height=\"600\" src=\"https:\/\/salo-uskelanseura.fi\/wp-content\/uploads\/2019\/11\/02-keramiikka1.jpg\" alt=\"\" class=\"wp-image-336\" srcset=\"https:\/\/salo-uskelanseura.fi\/wp-content\/uploads\/2019\/11\/02-keramiikka1.jpg 438w, https:\/\/salo-uskelanseura.fi\/wp-content\/uploads\/2019\/11\/02-keramiikka1-219x300.jpg 219w\" sizes=\"auto, (max-width: 438px) 100vw, 438px\" \/><figcaption>T\u00e4ss\u00e4 toisen mukin alla piilotteleva pala.<\/figcaption><\/figure>\n\n\n\n<figure class=\"wp-block-image size-large\"><img loading=\"lazy\" decoding=\"async\" width=\"700\" height=\"386\" src=\"https:\/\/salo-uskelanseura.fi\/wp-content\/uploads\/2019\/11\/02-keramiikkaymparistossa.jpg\" alt=\"\" class=\"wp-image-340\" srcset=\"https:\/\/salo-uskelanseura.fi\/wp-content\/uploads\/2019\/11\/02-keramiikkaymparistossa.jpg 700w, https:\/\/salo-uskelanseura.fi\/wp-content\/uploads\/2019\/11\/02-keramiikkaymparistossa-300x165.jpg 300w, https:\/\/salo-uskelanseura.fi\/wp-content\/uploads\/2019\/11\/02-keramiikkaymparistossa-672x372.jpg 672w\" sizes=\"auto, (max-width: 700px) 100vw, 700px\" \/><figcaption>T\u00e4ss\u00e4 n\u00e4ytt\u00e4ytyy aiempi pala ilman suojaansa (tumma n\u00f6k\u00f6 keskimm\u00e4isest\u00e4 kivest\u00e4 oikealle).<\/figcaption><\/figure>\n\n\n\n<figure class=\"wp-block-image size-large\"><img loading=\"lazy\" decoding=\"async\" width=\"700\" height=\"547\" src=\"https:\/\/salo-uskelanseura.fi\/wp-content\/uploads\/2019\/11\/02-keramiikka2.jpg\" alt=\"\" class=\"wp-image-337\" srcset=\"https:\/\/salo-uskelanseura.fi\/wp-content\/uploads\/2019\/11\/02-keramiikka2.jpg 700w, https:\/\/salo-uskelanseura.fi\/wp-content\/uploads\/2019\/11\/02-keramiikka2-300x234.jpg 300w\" sizes=\"auto, (max-width: 700px) 100vw, 700px\" \/><figcaption>Ja t\u00e4ss\u00e4 l\u00e4hikuva, huomenna paljastuu lis\u00e4\u00e4&#8230;<\/figcaption><\/figure>\n\n\n\n<p>Tunnelmia toimitti Hanna-Mari &amp; Jere Kupari<\/p>\n\n\n\n<p><\/p>\n","protected":false},"excerpt":{"rendered":"<p>Seitsem\u00e4s kaivausp\u00e4iv\u00e4 tiistai 2.8. Tunnelmia toimitti Hanna-Mari &amp; Jere Kupari<\/p>\n","protected":false},"author":1,"featured_media":0,"parent":0,"menu_order":0,"comment_status":"closed","ping_status":"closed","template":"","meta":{"footnotes":""},"class_list":["post-328","page","type-page","status-publish","hentry"],"_links":{"self":[{"href":"https:\/\/salo-uskelanseura.fi\/index.php\/wp-json\/wp\/v2\/pages\/328","targetHints":{"allow":["GET"]}}],"collection":[{"href":"https:\/\/salo-uskelanseura.fi\/index.php\/wp-json\/wp\/v2\/pages"}],"about":[{"href":"https:\/\/salo-uskelanseura.fi\/index.php\/wp-json\/wp\/v2\/types\/page"}],"author":[{"embeddable":true,"href":"https:\/\/salo-uskelanseura.fi\/index.php\/wp-json\/wp\/v2\/users\/1"}],"replies":[{"embeddable":true,"href":"https:\/\/salo-uskelanseura.fi\/index.php\/wp-json\/wp\/v2\/comments?post=328"}],"version-history":[{"count":5,"href":"https:\/\/salo-uskelanseura.fi\/index.php\/wp-json\/wp\/v2\/pages\/328\/revisions"}],"predecessor-version":[{"id":400,"href":"https:\/\/salo-uskelanseura.fi\/index.php\/wp-json\/wp\/v2\/pages\/328\/revisions\/400"}],"wp:attachment":[{"href":"https:\/\/salo-uskelanseura.fi\/index.php\/wp-json\/wp\/v2\/media?parent=328"}],"curies":[{"name":"wp","href":"https:\/\/api.w.org\/{rel}","templated":true}]}}