{"id":323,"date":"2019-11-19T09:07:34","date_gmt":"2019-11-19T07:07:34","guid":{"rendered":"https:\/\/salo-uskelanseura.fi\/?page_id=323"},"modified":"2019-11-19T10:37:10","modified_gmt":"2019-11-19T08:37:10","slug":"1-8","status":"publish","type":"page","link":"https:\/\/salo-uskelanseura.fi\/index.php\/1-8\/","title":{"rendered":"ma 1.8"},"content":{"rendered":"\n<p>Kuudes kaivausp\u00e4iv\u00e4 maanantai 1.8.<\/p>\n\n\n\n<figure class=\"wp-block-image size-large\"><img loading=\"lazy\" decoding=\"async\" width=\"700\" height=\"465\" src=\"https:\/\/salo-uskelanseura.fi\/wp-content\/uploads\/2019\/11\/01-vesa.jpg\" alt=\"\" class=\"wp-image-300\" srcset=\"https:\/\/salo-uskelanseura.fi\/wp-content\/uploads\/2019\/11\/01-vesa.jpg 700w, https:\/\/salo-uskelanseura.fi\/wp-content\/uploads\/2019\/11\/01-vesa-300x199.jpg 300w\" sizes=\"auto, (max-width: 700px) 100vw, 700px\" \/><figcaption>Historianopettaja Vesa H\u00e4nninen rakkaan kes\u00e4harrastuksen lumossa, varsinkin kun multa haisee hyv\u00e4lle ja s\u00e4\u00e4 suosii t\u00e4n\u00e4\u00e4nkin. H\u00e4nt\u00e4 kiinnostaa erityisesti Suomen historia ja sen varhaisimmat vaiheet eli esihistoria. H\u00e4n toteaa, ett\u00e4 n\u00e4iss\u00e4 hommissa on vaikea erottaa ty\u00f6t\u00e4 ja harrastusta toisistaan ja ne lomittuvat toisiinsa. Esimerkiksi h\u00e4nen oppilaansa ovat olleet joskus mukana kaivauksilla ja h\u00e4n vie diakuvia luokkaan opetusmateriaaliksi. <\/figcaption><\/figure>\n\n\n\n<figure class=\"wp-block-image size-large\"><img loading=\"lazy\" decoding=\"async\" width=\"637\" height=\"600\" src=\"https:\/\/salo-uskelanseura.fi\/wp-content\/uploads\/2019\/11\/01-keramiikka.jpg\" alt=\"\" class=\"wp-image-301\" srcset=\"https:\/\/salo-uskelanseura.fi\/wp-content\/uploads\/2019\/11\/01-keramiikka.jpg 637w, https:\/\/salo-uskelanseura.fi\/wp-content\/uploads\/2019\/11\/01-keramiikka-300x283.jpg 300w\" sizes=\"auto, (max-width: 637px) 100vw, 637px\" \/><figcaption>P\u00e4iv\u00e4n hienoin l\u00f6yt\u00f6 on pala vanhinta kampakeramiikkaa, ja viel\u00e4p\u00e4 harvinainen astian reunapala. Koristekuopat n\u00e4kyv\u00e4t kuvassakin juuri ja juuri. Raija Rinne-Ingbergill\u00e4 k\u00e4vi uskomaton tuuri, kun se osui h\u00e4nen ruutuunsa.<\/figcaption><\/figure>\n\n\n\n<figure class=\"wp-block-image size-large\"><img loading=\"lazy\" decoding=\"async\" width=\"700\" height=\"465\" src=\"https:\/\/salo-uskelanseura.fi\/wp-content\/uploads\/2019\/11\/01-loytopaikka.jpg\" alt=\"\" class=\"wp-image-302\" srcset=\"https:\/\/salo-uskelanseura.fi\/wp-content\/uploads\/2019\/11\/01-loytopaikka.jpg 700w, https:\/\/salo-uskelanseura.fi\/wp-content\/uploads\/2019\/11\/01-loytopaikka-300x199.jpg 300w\" sizes=\"auto, (max-width: 700px) 100vw, 700px\" \/><figcaption>Astian pala l\u00f6ytyi etummaisen neli\u00f6n oikeassa takakulmassa n\u00e4kyv\u00e4st\u00e4 &#8221;rei\u00e4st\u00e4&#8221;.<\/figcaption><\/figure>\n\n\n\n<figure class=\"wp-block-image size-large\"><img loading=\"lazy\" decoding=\"async\" width=\"700\" height=\"522\" src=\"https:\/\/salo-uskelanseura.fi\/wp-content\/uploads\/2019\/11\/01-joukotarkastelee.jpg\" alt=\"\" class=\"wp-image-303\" srcset=\"https:\/\/salo-uskelanseura.fi\/wp-content\/uploads\/2019\/11\/01-joukotarkastelee.jpg 700w, https:\/\/salo-uskelanseura.fi\/wp-content\/uploads\/2019\/11\/01-joukotarkastelee-300x224.jpg 300w\" sizes=\"auto, (max-width: 700px) 100vw, 700px\" \/><figcaption>Arkeologi Jouko Pukkila tarkastelee kappaletta. Ensireaktio kuului seuraavasti: &#8221;Kato, reunapalanen.&#8221;<\/figcaption><\/figure>\n\n\n\n<figure class=\"wp-block-image size-large\"><img loading=\"lazy\" decoding=\"async\" width=\"700\" height=\"465\" src=\"https:\/\/salo-uskelanseura.fi\/wp-content\/uploads\/2019\/11\/01-henna.jpg\" alt=\"\" class=\"wp-image-304\" srcset=\"https:\/\/salo-uskelanseura.fi\/wp-content\/uploads\/2019\/11\/01-henna.jpg 700w, https:\/\/salo-uskelanseura.fi\/wp-content\/uploads\/2019\/11\/01-henna-300x199.jpg 300w\" sizes=\"auto, (max-width: 700px) 100vw, 700px\" \/><figcaption>Lukiolainen Henna Saarinen ty\u00f6n touhussa. Kaikille p\u00e4iville osallistuneista kaivajista nuorin. Esihistoria kiinnostaa sen myyttisyyden takia, sill\u00e4 kaikesta mit\u00e4 l\u00f6ydet\u00e4\u00e4n, tehd\u00e4\u00e4n vahva tulkinta ja varmaa faktaa ei ole. Kipin\u00e4n Henna sai aikoinaan kun h\u00e4nen t\u00e4tins\u00e4 pyysi h\u00e4nt\u00e4 mukaan kaivauksille. Kokemusta on viime vuodelta kun h\u00e4n k\u00e4vi kolme p\u00e4iv\u00e4\u00e4 Kiskon kaivauksilla.<\/figcaption><\/figure>\n\n\n\n<p>Tunnelmia toimitti Hanna-Mari &amp; Jere Kupari<\/p>\n\n\n\n<p><\/p>\n","protected":false},"excerpt":{"rendered":"<p>Kuudes kaivausp\u00e4iv\u00e4 maanantai 1.8. Tunnelmia toimitti Hanna-Mari &amp; Jere Kupari<\/p>\n","protected":false},"author":1,"featured_media":0,"parent":0,"menu_order":0,"comment_status":"closed","ping_status":"closed","template":"","meta":{"footnotes":""},"class_list":["post-323","page","type-page","status-publish","hentry"],"_links":{"self":[{"href":"https:\/\/salo-uskelanseura.fi\/index.php\/wp-json\/wp\/v2\/pages\/323","targetHints":{"allow":["GET"]}}],"collection":[{"href":"https:\/\/salo-uskelanseura.fi\/index.php\/wp-json\/wp\/v2\/pages"}],"about":[{"href":"https:\/\/salo-uskelanseura.fi\/index.php\/wp-json\/wp\/v2\/types\/page"}],"author":[{"embeddable":true,"href":"https:\/\/salo-uskelanseura.fi\/index.php\/wp-json\/wp\/v2\/users\/1"}],"replies":[{"embeddable":true,"href":"https:\/\/salo-uskelanseura.fi\/index.php\/wp-json\/wp\/v2\/comments?post=323"}],"version-history":[{"count":3,"href":"https:\/\/salo-uskelanseura.fi\/index.php\/wp-json\/wp\/v2\/pages\/323\/revisions"}],"predecessor-version":[{"id":401,"href":"https:\/\/salo-uskelanseura.fi\/index.php\/wp-json\/wp\/v2\/pages\/323\/revisions\/401"}],"wp:attachment":[{"href":"https:\/\/salo-uskelanseura.fi\/index.php\/wp-json\/wp\/v2\/media?parent=323"}],"curies":[{"name":"wp","href":"https:\/\/api.w.org\/{rel}","templated":true}]}}