{"id":257,"date":"2019-11-18T23:29:38","date_gmt":"2019-11-18T21:29:38","guid":{"rendered":"https:\/\/salo-uskelanseura.fi\/?page_id=257"},"modified":"2019-11-19T10:31:44","modified_gmt":"2019-11-19T08:31:44","slug":"28-7","status":"publish","type":"page","link":"https:\/\/salo-uskelanseura.fi\/index.php\/28-7\/","title":{"rendered":"to 28.7"},"content":{"rendered":"\n<h2 class=\"wp-block-heading\">Toinen kaivausp\u00e4iv\u00e4 torstai 28.7.<\/h2>\n\n\n\n<figure class=\"wp-block-image size-large\"><img loading=\"lazy\" decoding=\"async\" width=\"700\" height=\"525\" src=\"https:\/\/salo-uskelanseura.fi\/wp-content\/uploads\/2019\/11\/28-kaivanto.jpg\" alt=\"\" class=\"wp-image-258\" srcset=\"https:\/\/salo-uskelanseura.fi\/wp-content\/uploads\/2019\/11\/28-kaivanto.jpg 700w, https:\/\/salo-uskelanseura.fi\/wp-content\/uploads\/2019\/11\/28-kaivanto-300x225.jpg 300w\" sizes=\"auto, (max-width: 700px) 100vw, 700px\" \/><figcaption>T\u00e4lt\u00e4 n\u00e4ytti kaivajien ty\u00f6maa torstaina puoliltap\u00e4ivin. Maa on hiekkapitoista ja siin\u00e4 n\u00e4kyy hiiltymi\u00e4. Aamulla oli ollut pieni sadekuuro, mutta tunnelma oli aurinkoinen. T\u00e4ss\u00e4 kohtaa on ollut pysyv\u00e4\u00e4 asutusta noin 7000 vuotta sitten, kertoi kaivausjohtaja Jouko Pukkila kyselem\u00e4\u00e4n tulleille vierailijoille. <\/figcaption><\/figure>\n\n\n\n<p><\/p>\n\n\n\n<figure class=\"wp-block-image size-large\"><img loading=\"lazy\" decoding=\"async\" width=\"700\" height=\"525\" src=\"https:\/\/salo-uskelanseura.fi\/wp-content\/uploads\/2019\/11\/28-loydot.jpg\" alt=\"\" class=\"wp-image-262\" srcset=\"https:\/\/salo-uskelanseura.fi\/wp-content\/uploads\/2019\/11\/28-loydot.jpg 700w, https:\/\/salo-uskelanseura.fi\/wp-content\/uploads\/2019\/11\/28-loydot-300x225.jpg 300w\" sizes=\"auto, (max-width: 700px) 100vw, 700px\" \/><figcaption>T\u00e4h\u00e4n asti oli l\u00f6ydetty kvartsi-iskoksia ja niit\u00e4 ollaan tarkastelemassa asiantuntijoiden voimin. L\u00f6yd\u00f6t mahtuivat viel\u00e4 muistikirjan v\u00e4liin. Iltap\u00e4iv\u00e4ll\u00e4 l\u00f6ytyi piit\u00e4. Kaivauksille ensimm\u00e4ist\u00e4 p\u00e4iv\u00e4\u00e4 osallistunut Petri Perki\u00f6 l\u00f6ysi kvartsi-iskoksen ja oli siihen tyytyv\u00e4inen. H\u00e4n on osallistunut kaikille viisille yleis\u00f6kaivauksille. Miia Listenmaa totesi ett\u00e4 l\u00e4hes kaikki vapaaehtoiset olivat hyvin kokeneita ja neuvomista ei tarvittu. Lis\u00e4ksi h\u00e4n totesi ty\u00f6n j\u00e4ljen olevan siisti\u00e4 ja laadukasta. <\/figcaption><\/figure>\n\n\n\n<p><\/p>\n\n\n\n<figure class=\"wp-block-image size-large\"><img loading=\"lazy\" decoding=\"async\" width=\"700\" height=\"525\" src=\"https:\/\/salo-uskelanseura.fi\/wp-content\/uploads\/2019\/11\/28-mia.jpg\" alt=\"\" class=\"wp-image-263\" srcset=\"https:\/\/salo-uskelanseura.fi\/wp-content\/uploads\/2019\/11\/28-mia.jpg 700w, https:\/\/salo-uskelanseura.fi\/wp-content\/uploads\/2019\/11\/28-mia-300x225.jpg 300w\" sizes=\"auto, (max-width: 700px) 100vw, 700px\" \/><figcaption>T\u00e4ss\u00e4 kivikauteen suuntautunut arkeologiopiskelija Miia Listenmaa tutkii uusinta l\u00f6yt\u00f6\u00e4 ja valmistautuu puhdistamaan kaivannon. Sen j\u00e4lkeen kerros valokuvataan. Miian mielest\u00e4 olisi hienoa l\u00f6yt\u00e4\u00e4 kaivauksilta punamultahauta. <\/figcaption><\/figure>\n\n\n\n<p><\/p>\n\n\n\n<p><\/p>\n\n\n\n<figure class=\"wp-block-image size-large\"><img loading=\"lazy\" decoding=\"async\" width=\"450\" height=\"600\" src=\"https:\/\/salo-uskelanseura.fi\/wp-content\/uploads\/2019\/11\/28-mittaukset.jpg\" alt=\"\" class=\"wp-image-265\" srcset=\"https:\/\/salo-uskelanseura.fi\/wp-content\/uploads\/2019\/11\/28-mittaukset.jpg 450w, https:\/\/salo-uskelanseura.fi\/wp-content\/uploads\/2019\/11\/28-mittaukset-225x300.jpg 225w\" sizes=\"auto, (max-width: 450px) 100vw, 450px\" \/><figcaption>Arkeologiaopiskelija Mikko Helminen mittaa uutta aluetta. Alempana olevalla alueella on tarkoitus kaivaa jatkossa. Sielt\u00e4 odotetaan keramiikkal\u00f6yt\u00f6j\u00e4. <\/figcaption><\/figure>\n\n\n\n<p><\/p>\n\n\n\n<figure class=\"wp-block-image size-large\"><img loading=\"lazy\" decoding=\"async\" width=\"450\" height=\"600\" src=\"https:\/\/salo-uskelanseura.fi\/wp-content\/uploads\/2019\/11\/28-seulonta.jpg\" alt=\"\" class=\"wp-image-267\" srcset=\"https:\/\/salo-uskelanseura.fi\/wp-content\/uploads\/2019\/11\/28-seulonta.jpg 450w, https:\/\/salo-uskelanseura.fi\/wp-content\/uploads\/2019\/11\/28-seulonta-225x300.jpg 225w\" sizes=\"auto, (max-width: 450px) 100vw, 450px\" \/><figcaption>Innokkaat kaivajat seulovat \u00e4mp\u00e4reidens\u00e4 sis\u00e4lt\u00f6j\u00e4. Kuvassa Hanna-Maija Saarimaa. <\/figcaption><\/figure>\n\n\n\n<p><\/p>\n\n\n\n<p>Tunnelmia toimitti Hanna-Mari Kupari <\/p>\n\n\n\n<p><\/p>\n","protected":false},"excerpt":{"rendered":"<p>Toinen kaivausp\u00e4iv\u00e4 torstai 28.7. Tunnelmia toimitti Hanna-Mari Kupari<\/p>\n","protected":false},"author":1,"featured_media":0,"parent":0,"menu_order":0,"comment_status":"closed","ping_status":"closed","template":"","meta":{"footnotes":""},"class_list":["post-257","page","type-page","status-publish","hentry"],"_links":{"self":[{"href":"https:\/\/salo-uskelanseura.fi\/index.php\/wp-json\/wp\/v2\/pages\/257","targetHints":{"allow":["GET"]}}],"collection":[{"href":"https:\/\/salo-uskelanseura.fi\/index.php\/wp-json\/wp\/v2\/pages"}],"about":[{"href":"https:\/\/salo-uskelanseura.fi\/index.php\/wp-json\/wp\/v2\/types\/page"}],"author":[{"embeddable":true,"href":"https:\/\/salo-uskelanseura.fi\/index.php\/wp-json\/wp\/v2\/users\/1"}],"replies":[{"embeddable":true,"href":"https:\/\/salo-uskelanseura.fi\/index.php\/wp-json\/wp\/v2\/comments?post=257"}],"version-history":[{"count":9,"href":"https:\/\/salo-uskelanseura.fi\/index.php\/wp-json\/wp\/v2\/pages\/257\/revisions"}],"predecessor-version":[{"id":396,"href":"https:\/\/salo-uskelanseura.fi\/index.php\/wp-json\/wp\/v2\/pages\/257\/revisions\/396"}],"wp:attachment":[{"href":"https:\/\/salo-uskelanseura.fi\/index.php\/wp-json\/wp\/v2\/media?parent=257"}],"curies":[{"name":"wp","href":"https:\/\/api.w.org\/{rel}","templated":true}]}}