{"id":239,"date":"2019-11-18T21:43:28","date_gmt":"2019-11-18T19:43:28","guid":{"rendered":"https:\/\/salo-uskelanseura.fi\/?page_id=239"},"modified":"2021-06-02T08:47:03","modified_gmt":"2021-06-02T06:47:03","slug":"kaivaukset","status":"publish","type":"page","link":"https:\/\/salo-uskelanseura.fi\/index.php\/kaivaukset\/","title":{"rendered":"Yleis\u00f6kaivauksia Salon seudulla 2007\u20132011"},"content":{"rendered":"\n<pre class=\"wp-block-preformatted\">Salo-Uskelan Seura ry\n \n<strong>Yleis\u00f6kaivaukset kes\u00e4ll\u00e4 2011<\/strong> \nKes\u00e4ll\u00e4 2011 j\u00e4rjestettiin yleis\u00f6kaivaukset Salon Pukkilan kartanon maastossa hein\u00e4-elokuun vaihteessa 27.7.\u20135.8. Kaivausten aikana sek\u00e4 paikallisella v\u00e4est\u00f6ll\u00e4 sek\u00e4 my\u00f6s muilla on mahdollisuus tutustua arkeologiseen ty\u00f6skentelyyn ja kivikautisiin kohteisiin. \n<strong>Kaivausblogi <\/strong>\n<a href=\"https:\/\/salo-uskelanseura.fi\/index.php\/27-7\/\" data-type=\"URL\" data-id=\"https:\/\/salo-uskelanseura.fi\/index.php\/27-7\/\" target=\"_blank\" rel=\"noreferrer noopener\">ke 27.7.<\/a> <a href=\"https:\/\/salo-uskelanseura.fi\/index.php\/28-7\/\" data-type=\"URL\" data-id=\"https:\/\/salo-uskelanseura.fi\/index.php\/28-7\/\">to <\/a><a href=\"https:\/\/salo-uskelanseura.fi\/index.php\/28-7\/\" data-type=\"URL\" data-id=\"https:\/\/salo-uskelanseura.fi\/index.php\/28-7\/\" target=\"_blank\" rel=\"noreferrer noopener\">28.7.<\/a> <a href=\"https:\/\/salo-uskelanseura.fi\/index.php\/29-7\/\" data-type=\"URL\" data-id=\"https:\/\/salo-uskelanseura.fi\/index.php\/29-7\/\" target=\"_blank\" rel=\"noreferrer noopener\">pe 29.7.<\/a> <a href=\"https:\/\/salo-uskelanseura.fi\/index.php\/30-7\/\" data-type=\"URL\" data-id=\"https:\/\/salo-uskelanseura.fi\/index.php\/30-7\/\" target=\"_blank\" rel=\"noreferrer noopener\">la 30.7.<\/a> <a href=\"https:\/\/salo-uskelanseura.fi\/index.php\/31-7\/\" data-type=\"URL\" data-id=\"https:\/\/salo-uskelanseura.fi\/index.php\/31-7\/\" target=\"_blank\" rel=\"noreferrer noopener\">su 31.7.<\/a><a href=\"https:\/\/salo-uskelanseura.fi\/index.php\/1-8\/\" data-type=\"URL\" data-id=\"https:\/\/salo-uskelanseura.fi\/index.php\/1-8\/\" target=\"_blank\" rel=\"noreferrer noopener\"> ma 1.8. <\/a><a href=\"https:\/\/salo-uskelanseura.fi\/index.php\/2-8\/\" data-type=\"URL\" data-id=\"https:\/\/salo-uskelanseura.fi\/index.php\/2-8\/\" target=\"_blank\" rel=\"noreferrer noopener\">ti 2.8.<\/a><a href=\"https:\/\/salo-uskelanseura.fi\/index.php\/ke-3-8\/\" data-type=\"URL\" data-id=\"https:\/\/salo-uskelanseura.fi\/index.php\/ke-3-8\/\" target=\"_blank\" rel=\"noreferrer noopener\"> ke 3.8.<\/a> <a href=\"https:\/\/salo-uskelanseura.fi\/index.php\/to-4-8\/\" data-type=\"URL\" data-id=\"https:\/\/salo-uskelanseura.fi\/index.php\/to-4-8\/\" target=\"_blank\" rel=\"noreferrer noopener\">to 4.8.<\/a> <a href=\"https:\/\/salo-uskelanseura.fi\/index.php\/pe-5-8\/\" data-type=\"URL\" data-id=\"https:\/\/salo-uskelanseura.fi\/index.php\/pe-5-8\/\" target=\"_blank\" rel=\"noreferrer noopener\">pe 5.8. <\/a>\n<strong>Aiemmat kaivaukset <\/strong>\n<strong>2007:<\/strong> kohteena oli Suomusj\u00e4rvell\u00e4 Anerioj\u00e4rven l\u00e4heisyydess\u00e4 ollut kivikautinen asuinpaikka, josta l\u00f6ytyi mm. tulisijan j\u00e4\u00e4nn\u00f6kset. Kaivajia oli 77 henkil\u00f6\u00e4 eri puolilta Etel\u00e4-Suomea, eniten Salon seudulta. \n<strong>2008:<\/strong> kaivauspaikkana oli Muurlan Sahanummen kivikautinen asuinalue, josta l\u00f6ytyi runsaasti luita ja kvartsi-iskoksia. Kaivajia oli 86 henke\u00e4 eri puolilta Etel\u00e4-Suomea, eniten Salon seudulta. \n<strong>2009:<\/strong> Kohteena oli ennen tutkimaton Kiikalan Kuraj\u00e4rven ja suon ymp\u00e4r\u00f6im\u00e4n Nokkapellon saareke, josta on l\u00f6ytynyt kivikauteen viittaavia l\u00f6yt\u00f6j\u00e4. Kuraj\u00e4rven ymp\u00e4ri rannoilta on l\u00f6ytynyt useita asuinpaikkoja sek\u00e4 pelloilta irtol\u00f6yt\u00f6j\u00e4. Kohde saattaa olla vanha kulttipaikka. Kiikalassa oli 42 kaivajaa, jotka kaivoivat yhteens\u00e4 87 ty\u00f6p\u00e4iv\u00e4\u00e4. L\u00f6yd\u00f6ksin\u00e4 oli paljon kvartsi-iskoksia ja tulisijan paikka. arkeologiakiikala.blogspot.com \n<strong>2010:<\/strong> Kiskon alueen kivikautiset kaivaukset toteutettiin Kaukurin kyl\u00e4ss\u00e4. kaivauksiin osallistui 26 kaivajaa, kaivausp\u00e4ivi\u00e4 heille kertyi 62. Kaivauksissa tutkittiin kivikaudelle ajoittuva ruuanvalmistusuuni, jossa luul\u00f6yt\u00f6jen perusteella on valmistettu ainakin hylkeen lihaa. kiskodig.blogspot.com \n<strong>2011:<\/strong> kaivauskohteena tulee olemaan Pukkilan Sinivuori. Kaivauksista vastaa Salo-Uskelan Seura ry. \n<em>S\u00e4hk\u00f6posti: salouskelanseura@ gmail.com <\/em><\/pre>\n\n\n\n<p><\/p>\n","protected":false},"excerpt":{"rendered":"<p>Salo-Uskelan Seura ry Yleis\u00f6kaivaukset kes\u00e4ll\u00e4 2011 Kes\u00e4ll\u00e4 2011 j\u00e4rjestettiin yleis\u00f6kaivaukset Salon Pukkilan kartanon maastossa hein\u00e4-elokuun vaihteessa 27.7.\u20135.8. Kaivausten aikana sek\u00e4 paikallisella v\u00e4est\u00f6ll\u00e4 sek\u00e4 my\u00f6s muilla on mahdollisuus tutustua arkeologiseen ty\u00f6skentelyyn ja kivikautisiin kohteisiin. Kaivausblogi ke 27.7. to 28.7. pe 29.7. la 30.7. su 31.7. ma 1.8. ti 2.8. ke 3.8. to 4.8. pe 5.8. Aiemmat [&hellip;]<\/p>\n","protected":false},"author":1,"featured_media":0,"parent":0,"menu_order":0,"comment_status":"closed","ping_status":"closed","template":"","meta":{"footnotes":""},"class_list":["post-239","page","type-page","status-publish","hentry"],"_links":{"self":[{"href":"https:\/\/salo-uskelanseura.fi\/index.php\/wp-json\/wp\/v2\/pages\/239","targetHints":{"allow":["GET"]}}],"collection":[{"href":"https:\/\/salo-uskelanseura.fi\/index.php\/wp-json\/wp\/v2\/pages"}],"about":[{"href":"https:\/\/salo-uskelanseura.fi\/index.php\/wp-json\/wp\/v2\/types\/page"}],"author":[{"embeddable":true,"href":"https:\/\/salo-uskelanseura.fi\/index.php\/wp-json\/wp\/v2\/users\/1"}],"replies":[{"embeddable":true,"href":"https:\/\/salo-uskelanseura.fi\/index.php\/wp-json\/wp\/v2\/comments?post=239"}],"version-history":[{"count":7,"href":"https:\/\/salo-uskelanseura.fi\/index.php\/wp-json\/wp\/v2\/pages\/239\/revisions"}],"predecessor-version":[{"id":607,"href":"https:\/\/salo-uskelanseura.fi\/index.php\/wp-json\/wp\/v2\/pages\/239\/revisions\/607"}],"wp:attachment":[{"href":"https:\/\/salo-uskelanseura.fi\/index.php\/wp-json\/wp\/v2\/media?parent=239"}],"curies":[{"name":"wp","href":"https:\/\/api.w.org\/{rel}","templated":true}]}}