{"id":198,"date":"2019-06-25T14:55:06","date_gmt":"2019-06-25T12:55:06","guid":{"rendered":"http:\/\/salo-uskelanseura.fi\/?page_id=198"},"modified":"2026-04-18T16:24:22","modified_gmt":"2026-04-18T14:24:22","slug":"ajankohtaista","status":"publish","type":"page","link":"https:\/\/salo-uskelanseura.fi\/index.php\/ajankohtaista\/","title":{"rendered":"Ajankohtaista"},"content":{"rendered":"\n<p><strong>Vuosi 2026<\/strong><\/p>\n\n\n\n<p>Kes\u00e4ty\u00f6ntekij\u00f6iden haku on p\u00e4\u00e4ttynyt. Saimme monta hyv\u00e4\u00e4 hakemusta. Kiit\u00e4mme kaikkia.<\/p>\n\n\n\n<p>Haemme taas reippaita 15\u201317-vuotiaita arkistoomme <strong>kes\u00e4t\u00f6ihin<\/strong>. Teht\u00e4vin\u00e4 on muun muassa aineistojen digitointia. Linkist\u00e4 l\u00f6ytyv\u00e4t tarkemmat tiedot. Haku on avoinna 29.3. asti: https:\/\/www.op.fi\/osuuspankit\/op-lounaismaa\/tietoa-pankista\/kesaduuni-op-piikkiin\/.<\/p>\n\n\n\n<p>Vuosikokous pidettiin Salon kaupungintalon Tammi-kokoushuoneessa keskiviikkona 11.3.2026 kello 18 alkaen. Kokouksen j\u00e4lkeen FM Tanja Bergroth luennoi aiheesta <em>&#8221;Salon ja Uskelan suhteesta aikojen<\/em> <em>saatossa<\/em>&#8221;.<\/p>\n\n\n\n<p><strong>Vihtatalkoot<\/strong> j\u00e4rjestet\u00e4\u00e4n Nakolinnassa ke 8.7.2026 kello 17 l\u00e4htien.<\/p>\n\n\n\n<p><strong>Vuosi 2025<\/strong><\/p>\n\n\n\n<p>70-vuotisjuhlavuoden Salo-valokuvien pop up -myyntin\u00e4yttely pe 28.11.\u2013 su 30.11.2025 kello 12\u201317 Sinisess\u00e4 Talossa, osoitteessa Rummunly\u00f6j\u00e4nkatu 2, Salo.<br>Myyt\u00e4v\u00e4n\u00e4 kuvavedoksia, kotiseutulehti Hakastarolaisia, Salo-kalenteria 2026, Uskelan aukkoristi -koruja ja muita seuran tuotteita. Vapaa p\u00e4\u00e4sy.<\/p>\n\n\n\n<figure class=\"wp-block-image size-large\"><img loading=\"lazy\" decoding=\"async\" width=\"724\" height=\"1024\" src=\"https:\/\/salo-uskelanseura.fi\/wp-content\/uploads\/2025\/10\/1000052500-1-724x1024.jpg\" alt=\"\" class=\"wp-image-1129\" srcset=\"https:\/\/salo-uskelanseura.fi\/wp-content\/uploads\/2025\/10\/1000052500-1-724x1024.jpg 724w, https:\/\/salo-uskelanseura.fi\/wp-content\/uploads\/2025\/10\/1000052500-1-212x300.jpg 212w, https:\/\/salo-uskelanseura.fi\/wp-content\/uploads\/2025\/10\/1000052500-1-768x1086.jpg 768w, https:\/\/salo-uskelanseura.fi\/wp-content\/uploads\/2025\/10\/1000052500-1.jpg 987w\" sizes=\"auto, (max-width: 724px) 100vw, 724px\" \/><\/figure>\n\n\n\n<p><strong>Syyskokouksemme<\/strong> maanantaina 13. lokakuuta kello 18\u201321 kahvila Wanhassa Kaisassa, Mariankatu 18.<\/p>\n\n\n\n<p><strong>Valokuvan\u00e4yttely<\/strong> Sinisess\u00e4 talossa, os. Rummunly\u00f6j\u00e4nkatu 2, Salo 1.\u201312.6.2025 la\u2013su kello 12\u201316 ja arkisin kello 12\u201317. Avajaisp\u00e4iv\u00e4n\u00e4 1.6. n\u00e4yttely on avoinna kello 14\u201317. Valokuvataulujen lis\u00e4ksi on myynniss\u00e4 my\u00f6s seuran muita tuotteita.<\/p>\n\n\n\n<p>Kes\u00e4ty\u00f6ntekij\u00f6iden haku on p\u00e4\u00e4ttynyt.<\/p>\n\n\n\n<p>Hei sin\u00e4 15\u201317-vuotias nuori! Tarjoamme kiinnostavaa <strong>kes\u00e4ty\u00f6t\u00e4<\/strong> valokuva-arkistossa ja n\u00e4yttelynvalvonnassa.<br>Katso linkist\u00e4 tarkemmat tiedot, ja hae 28.3.2025 menness\u00e4! https:\/\/www.op.fi\/web\/op-lounaismaa\/kesaduuni-op-n-piikkiin?<\/p>\n\n\n\n<p>Kaikille avoin <strong>vuosikokouksemme<\/strong> j\u00e4rjestet\u00e4\u00e4n keskiviikkona 26.3.2025 kello 18.00 Salon kansalaisopiston auditoriossa 114, osoitteessa Ylh\u00e4istentie 2, Salo.&nbsp;Kokousesitelm\u00e4n pit\u00e4\u00e4 arkeologi Jaana Riikonen aiheesta&nbsp;<em>&#8221;Helav\u00f6it\u00e4, kulkusnappeja, raitakangasta. Ristiretkiajan miehen vaatteista ja muusta varustuksesta Salon seudun hautal\u00f6yt\u00f6jen valossa&#8221;. <\/em>Tervetuloa!<\/p>\n\n\n\n<p><\/p>\n\n\n\n<p><strong>Vuosi 2024<\/strong> <\/p>\n\n\n\n<p>Tervetuloa valokuvan\u00e4yttelyymme Siniseen taloon ensimm\u00e4isen\u00e4 ja toisena adventtiviikonloppuna kello 12\u201316. Myyt\u00e4v\u00e4n\u00e4 my\u00f6s muita tuotteitamme. Vapaa p\u00e4\u00e4sy.<\/p>\n\n\n\n\n\n<figure class=\"wp-block-image\"><img loading=\"lazy\" decoding=\"async\" width=\"981\" height=\"1389\" src=\"https:\/\/salo-uskelanseura.fi\/wp-content\/uploads\/2024\/11\/Screenshot_20241113_174454_Drive.jpg\" alt=\"\" class=\"wp-image-951\" srcset=\"https:\/\/salo-uskelanseura.fi\/wp-content\/uploads\/2024\/11\/Screenshot_20241113_174454_Drive.jpg 981w, https:\/\/salo-uskelanseura.fi\/wp-content\/uploads\/2024\/11\/Screenshot_20241113_174454_Drive-212x300.jpg 212w, https:\/\/salo-uskelanseura.fi\/wp-content\/uploads\/2024\/11\/Screenshot_20241113_174454_Drive-723x1024.jpg 723w, https:\/\/salo-uskelanseura.fi\/wp-content\/uploads\/2024\/11\/Screenshot_20241113_174454_Drive-768x1087.jpg 768w\" sizes=\"auto, (max-width: 981px) 100vw, 981px\" \/><\/figure>\n\n\n\n<p>Kaikille avoin syyskokouksemme torstaina 3.10. kello 18 Nakolinnassa Meriniitynpuistossa, os. Meriniitynkatu 37, Salo. Kokouksen j\u00e4lkeen tunnistamme valokuvia ja katsomme vanhan videon. Kuvatunnistusta<strong> <\/strong>Nakolinnassa my\u00f6s keskiviikkona 30.10. kello 18\u201320. Tervetuloa!<\/p>\n\n\n\n\n\n<p>Yle Areenassa on kuunneltavissa <a href=\"https:\/\/areena.yle.fi\/1-71671692?utm_medium=social&amp;utm_campaign=areena-web-share&amp;utm_source=copy-link-share\" data-type=\"link\" data-id=\"https:\/\/areena.yle.fi\/1-71671692?utm_medium=social&amp;utm_campaign=areena-web-share&amp;utm_source=copy-link-share\"><strong>podcast<\/strong><\/a>-ohjelma, jossa puheenjohtajamme Eeva Kujanp\u00e4\u00e4 kertoo Salon Paikalliskanavan tallenteiden digitoinnista arkistossamme.<\/p>\n\n\n\n<p>T\u00e4ss\u00e4 lis\u00e4\u00e4 Ylen uutisointia Salo-Uskelan Seuran digitointiprojektista sek\u00e4 mittavasta videoarkistosta Kankaanp\u00e4\u00e4ss\u00e4: <a href=\"https:\/\/yle.fi\/a\/74-20104133\">https:\/\/yle.fi\/a\/74-20104133<\/a>.<\/p>\n\n\n\n<p>Kes\u00e4ty\u00f6ntekij\u00e4n haku on p\u00e4\u00e4ttynyt.<\/p>\n\n\n\n<p>Haemme 15\u201317-vuotiasta kes\u00e4ty\u00f6ntekij\u00e4\u00e4 arkisto- ja digitointiteht\u00e4viin. Lue tarkemmin <a href=\"https:\/\/www.op.fi\/web\/op-lounaismaa\/kesaduuni-op-n-piikkiin\" data-type=\"URL\" data-id=\"https:\/\/www.op.fi\/web\/op-lounaismaa\/kesaduuni-op-n-piikkiin\" target=\"_blank\" rel=\"noreferrer noopener\">kes\u00e4duuni OP:n piikkiin<\/a> -linkist\u00e4 ja l\u00e4het\u00e4 hakemus s\u00e4hk\u00f6postiimme salouskelanseura(at)gmail.com 31.3. menness\u00e4. Ty\u00f6t opastetaan ja neuvotaan, joten aloituskynnys on matala, vaikkei ole vastaava ty\u00f6t\u00e4 tehnyt aiemmin.<\/p>\n\n\n\n<p><strong>Vuosikokous<\/strong> tiistaina 12.3.2024 kello 18 Salon Seudun Perinneyhdistyksen Perinnepajalla osoitteessa Torikatu 7. Kokouksen j\u00e4lkeen Matti Rajasaari esittelee Itsen\u00e4isyyden museota. Tervetuloa!<\/p>\n\n\n\n<p>Tulevan kes\u00e4n vihtatalkoot<strong> <\/strong>pidet\u00e4\u00e4n Nakolinnassa keskiviikkona 10. hein\u00e4kuuta kello 17 alkaen.<\/p>\n\n\n\n<p><strong>Vuosi 2023<\/strong><\/p>\n\n\n\n<p>Valokuvan\u00e4yttelymme Sinisess\u00e4 talossa marraskuun viimeisen\u00e4 ja joulukuun ensimm\u00e4isen\u00e4 viikonloppuna. Tervetuloa!<\/p>\n\n\n\n<figure class=\"wp-block-image size-full is-resized\"><img loading=\"lazy\" decoding=\"async\" width=\"500\" height=\"560\" src=\"https:\/\/salo-uskelanseura.fi\/wp-content\/uploads\/2023\/11\/402328403_363266619560761_5080956071047214829_n-1.jpg\" alt=\"\" class=\"wp-image-877\" style=\"width:471px;height:auto\" srcset=\"https:\/\/salo-uskelanseura.fi\/wp-content\/uploads\/2023\/11\/402328403_363266619560761_5080956071047214829_n-1.jpg 500w, https:\/\/salo-uskelanseura.fi\/wp-content\/uploads\/2023\/11\/402328403_363266619560761_5080956071047214829_n-1-268x300.jpg 268w\" sizes=\"auto, (max-width: 500px) 100vw, 500px\" \/><\/figure>\n\n\n\n<p>Vanhojen valokuvien tunnistustilaisuus Nakolinnassa keskiviikkona 25.10. kello 17:30. Tervetuloa!<\/p>\n\n\n\n<p>Syyskokous tiistaina 10.10. kello 18 Nakolinnassa. Kokouksen j\u00e4lkeen tunnistetaan vanhoja valokuvia. Tervetuloa!<\/p>\n\n\n\n<p>Vihtatakoot tiistaina 4.7. kello 17 Nakolinnan pihalla. Vihtojen teon ohessa vapaata seurustelua, arvontaa ja tarjoilua. <\/p>\n\n\n\n<p>Opastettu k\u00e4velykierros Salon keskustan alueella lauantaina 10.6. kello 11\u201313! L\u00e4ht\u00f6 kaupungintalolta. 30 ensimm\u00e4ist\u00e4 mahtuu mukaan. K\u00e4teismaksu 5 \u20ac\/osallistuja.<br>Kuvassa Salo-Uskelan Seuran retkel\u00e4isi\u00e4 Katrineholmissa 1970-luvulla.<\/p>\n\n\n\n<figure class=\"wp-block-image size-large\"><img loading=\"lazy\" decoding=\"async\" width=\"1024\" height=\"744\" src=\"https:\/\/salo-uskelanseura.fi\/wp-content\/uploads\/2023\/05\/retki6-23-1024x744.jpg\" alt=\"\" class=\"wp-image-849\" srcset=\"https:\/\/salo-uskelanseura.fi\/wp-content\/uploads\/2023\/05\/retki6-23-1024x744.jpg 1024w, https:\/\/salo-uskelanseura.fi\/wp-content\/uploads\/2023\/05\/retki6-23-300x218.jpg 300w, https:\/\/salo-uskelanseura.fi\/wp-content\/uploads\/2023\/05\/retki6-23-768x558.jpg 768w, https:\/\/salo-uskelanseura.fi\/wp-content\/uploads\/2023\/05\/retki6-23-1200x872.jpg 1200w, https:\/\/salo-uskelanseura.fi\/wp-content\/uploads\/2023\/05\/retki6-23.jpg 1337w\" sizes=\"auto, (max-width: 1024px) 100vw, 1024px\" \/><\/figure>\n\n\n\n<p>Kes\u00e4ty\u00f6ntekij\u00e4t on valittu. Kiit\u00e4mme kaikkia hakijoita.<\/p>\n\n\n\n<p>Haemme 15\u201317-vuotiasta  kes\u00e4ty\u00f6ntekij\u00e4\u00e4 arkisto- ja digitointiteht\u00e4viin. Lue tarkemmin <a rel=\"noreferrer noopener\" href=\"https:\/\/www.op.fi\/web\/op-lounaismaa\/kesaduuni-op-n-piikkiin\" data-type=\"URL\" data-id=\"https:\/\/www.op.fi\/web\/op-lounaismaa\/kesaduuni-op-n-piikkiin\" target=\"_blank\">kes\u00e4duuni OP:n piikkiin<\/a> -linkist\u00e4 ja l\u00e4het\u00e4 hakemus  s\u00e4hk\u00f6postiimme 14.4. menness\u00e4. Ty\u00f6 k\u00e4sitt\u00e4\u00e4 vanhojen paperivalokuvien skannaamista, vanhojen videonauhojen digitointia sek\u00e4 arkistojen j\u00e4rjest\u00e4mist\u00e4 yhdistyksen toimitilassa Nakolinnan kotiseutukeskuksessa. Ty\u00f6t opastetaan ja neuvotaan, joten aloituskynnys on matala, vaikkei ole vastaava ty\u00f6t\u00e4 tehnyt aiemmin.<\/p>\n\n\n\n<p>Kaikille avoin Salo-Uskelan Seuran vuosikokous pidettiin keskiviikkona 15.3. alkaen kello 18 Salon kansalaisopiston auditoriossa D 114, osoitteessa Ylh\u00e4istentie 2.<\/p>\n\n\n\n<p>Kokousesitelm\u00e4n piti arkeologi Juha Ruohonen aiheesta &#8221;Viikinkiaikaa Salossa. Uusia havaintoja Uskelanjokilaakson rautakautisesta asutuksesta&#8221;. <\/p>\n\n\n\n<p><br><strong>Vuosi 2022<\/strong><\/p>\n\n\n\n<p>Salo-Uskelan Seura j\u00e4rjesti vanhojen Salo-valokuvien n\u00e4yttelyn&nbsp;26.\u201327.11. ja 3.\u20134.12.2022 Salon Sinisess\u00e4 talossa, osoitteessa Rummunly\u00f6j\u00e4nkatu 2. Myyt\u00e4v\u00e4n\u00e4 oli kuvasuurennoksia, Hakastarolaisia ja muita seuran tuotteita. K\u00e4vij\u00f6it\u00e4 n\u00e4yttelyss\u00e4 oli yli 1100. Kiitos kaikille ja mukavaa joulun aikaa!<\/p>\n\n\n\n<p>Salo-Uskelan Seura valitsi kahvila Kultaisessa Tuoksussa pidetyss\u00e4 syyskokouksessaan 25.10. puheenjohtajaksi Eeva Kujanp\u00e4\u00e4n sek\u00e4 johtokunnan j\u00e4seniksi vuodelle 2023 Anni Ala-Rakkola-Karan, Kati Haapalan, Mirja Jokisen, Lasse Karan, Kari Ker\u00e4sen, Leevi Laaksosen, Liisa Saarisen ja Marja-Leena Virtasen. Toivotamme johtokunnan uuden j\u00e4senen tervetulleeksi!&nbsp;<\/p>\n\n\n\n<p>Perinteiset vihtatalkoot pidettiin <a rel=\"noreferrer noopener\" href=\"https:\/\/salo-uskelanseura.fi\/index.php\/kartta\/\" data-type=\"URL\" data-id=\"https:\/\/salo-uskelanseura.fi\/index.php\/kartta\/\" target=\"_blank\">Nakolinnassa<\/a> 6.7. <br>Ohjelmassa oli vihdan tekoa, kahvittelua, grillimakkaraa, arvontaa ja tutustumista valokuvakokoelmiin sek\u00e4 nauhoitteisiin. <\/p>\n\n\n\n<p>Kes\u00e4ty\u00f6ntekij\u00e4t on valittu. Kiit\u00e4mme kaikkia hakijoita.<\/p>\n\n\n\n<p>Haemme 15\u201317-vuotiasta  kes\u00e4ty\u00f6ntekij\u00e4\u00e4 arkisto- ja digitointiteht\u00e4viin. Lue tarkemmin <a rel=\"noreferrer noopener\" href=\"https:\/\/www.op.fi\/web\/op-lounaismaa\/kesaduuni-op-n-piikkiin\" data-type=\"URL\" data-id=\"https:\/\/www.op.fi\/web\/op-lounaismaa\/kesaduuni-op-n-piikkiin\" target=\"_blank\">kes\u00e4duuni<\/a> OP:n piikkiin -linkist\u00e4 ja l\u00e4het\u00e4 hakemus  s\u00e4hk\u00f6postiimme 17.4. menness\u00e4.<\/p>\n\n\n\n<p>Kev\u00e4tkokous pidettiin maanantaina 7.3. kello 18 <a rel=\"noreferrer noopener\" href=\"http:\/\/ihmejakumma.com\/\" data-type=\"URL\" data-id=\"http:\/\/ihmejakumma.com\/\" target=\"_blank\">Ihme ja Kumma<\/a> -kahvilassa osoitteessa Annankatu 10, Salo.  Kokouksen j\u00e4lkeen Jorma Nurminen Ihme ja Kumma Tuki ry:st\u00e4 esitteli talon toimintaa. <\/p>\n\n\n\n<p>Salo-Uskelan Seura jatkaa vuonna 2022 vanhoihin valokuviin liittyv\u00e4\u00e4 yhteisty\u00f6t\u00e4 Salon Seudun Sanomien kanssa. Lehti julkaisee seuran arkistosta valokuvia, joihin kaivataan lis\u00e4\u00e4 tietoja.<\/p>\n\n\n\n<p><strong>Vuosi 2021<\/strong><\/p>\n\n\n\n<p>Olimme mukana Salon Hyv\u00e4nmielentorilla sunnuntaina 28.11. kello 12\u201217. Myimme torikojussamme julkaisujamme ja muita tuotteitamme. <\/p>\n\n\n\n<p>Salo-Uskelan Seura valitsi syyskokouksessaan 28.10. puheenjohtajaksi Eeva Kujanp\u00e4\u00e4n sek\u00e4 johtokunnan j\u00e4seniksi vuodelle 2022 Anni Ala-Rakkola-Karan, Kati Haapalan, Mirja Jokisen, Lasse Karan, Kari Ker\u00e4sen, Leevi Laaksosen, Marianne Nurmen ja Liisa Saarisen. Tervetuloa uudet j\u00e4senet!&nbsp;<\/p>\n\n\n\n<p>Vuoden 2022 kotiseutukalenteri on postitettu j\u00e4senille ja sit\u00e4 on myynniss\u00e4 <a href=\"https:\/\/salontaidemuseo.fi\/\" data-type=\"URL\" data-id=\"https:\/\/salontaidemuseo.fi\/\" target=\"_blank\" rel=\"noreferrer noopener\">Salon taidemuseo<\/a> Veturitallissa sek\u00e4 Suomalaisessa Kirjakaupassa  kauppakeskus Plazassa. <\/p>\n\n\n\n<p>Perinteiset vihtatalkoot pidettiin Eino Leinon p\u00e4iv\u00e4n\u00e4 tiistaina 6.7.2021 Nakolinnan pihalla. Ohjelmassa oli vihtojen valmistuksen ohessa arvontaa, kahvittelua ja mukavaa yhdess\u00e4oloa.<\/p>\n\n\n\n<p>Salo-Uskelan Seura otti vastaan kes\u00e4ll\u00e4 2018 Salon paikallistelevision ja paikallisradion vanhat nauhat, joiden digitointi on  ty\u00f6n alla. Aineisto sis\u00e4lt\u00e4\u00e4 hienoja muistoja parinkymmenen vuoden takaa seudun tapahtumista, arjesta ja juhlasta. Salon paikalliskanavan toiminta p\u00e4\u00e4ttyi 2005. Nauhoja on saatu digitoiduksi jo runsaat 1900.<\/p>\n\n\n\n<p><\/p>\n","protected":false},"excerpt":{"rendered":"<p>Vuosi 2026 Kes\u00e4ty\u00f6ntekij\u00f6iden haku on p\u00e4\u00e4ttynyt. Saimme monta hyv\u00e4\u00e4 hakemusta. Kiit\u00e4mme kaikkia. Haemme taas reippaita 15\u201317-vuotiaita arkistoomme kes\u00e4t\u00f6ihin. Teht\u00e4vin\u00e4 on muun muassa aineistojen digitointia. Linkist\u00e4 l\u00f6ytyv\u00e4t tarkemmat tiedot. Haku on avoinna 29.3. asti: https:\/\/www.op.fi\/osuuspankit\/op-lounaismaa\/tietoa-pankista\/kesaduuni-op-piikkiin\/. Vuosikokous pidettiin Salon kaupungintalon Tammi-kokoushuoneessa keskiviikkona 11.3.2026 kello 18 alkaen. Kokouksen j\u00e4lkeen FM Tanja Bergroth luennoi aiheesta &#8221;Salon ja Uskelan suhteesta [&hellip;]<\/p>\n","protected":false},"author":5,"featured_media":0,"parent":0,"menu_order":0,"comment_status":"closed","ping_status":"closed","template":"","meta":{"footnotes":""},"class_list":["post-198","page","type-page","status-publish","hentry"],"_links":{"self":[{"href":"https:\/\/salo-uskelanseura.fi\/index.php\/wp-json\/wp\/v2\/pages\/198","targetHints":{"allow":["GET"]}}],"collection":[{"href":"https:\/\/salo-uskelanseura.fi\/index.php\/wp-json\/wp\/v2\/pages"}],"about":[{"href":"https:\/\/salo-uskelanseura.fi\/index.php\/wp-json\/wp\/v2\/types\/page"}],"author":[{"embeddable":true,"href":"https:\/\/salo-uskelanseura.fi\/index.php\/wp-json\/wp\/v2\/users\/5"}],"replies":[{"embeddable":true,"href":"https:\/\/salo-uskelanseura.fi\/index.php\/wp-json\/wp\/v2\/comments?post=198"}],"version-history":[{"count":113,"href":"https:\/\/salo-uskelanseura.fi\/index.php\/wp-json\/wp\/v2\/pages\/198\/revisions"}],"predecessor-version":[{"id":1243,"href":"https:\/\/salo-uskelanseura.fi\/index.php\/wp-json\/wp\/v2\/pages\/198\/revisions\/1243"}],"wp:attachment":[{"href":"https:\/\/salo-uskelanseura.fi\/index.php\/wp-json\/wp\/v2\/media?parent=198"}],"curies":[{"name":"wp","href":"https:\/\/api.w.org\/{rel}","templated":true}]}}